{"id":685,"date":"2023-07-07T10:16:18","date_gmt":"2023-07-07T08:16:18","guid":{"rendered":"https:\/\/great-swanson.146-59-208-45.plesk.page\/?page_id=685"},"modified":"2023-11-02T12:25:30","modified_gmt":"2023-11-02T11:25:30","slug":"melenes","status":"publish","type":"page","link":"https:\/\/monicaperello.com\/ca\/melenes\/","title":{"rendered":"Melenes"},"content":{"rendered":"<p>[et_pb_section fb_built=&#8221;1&#8243; custom_padding_last_edited=&#8221;on|phone&#8221; admin_label=&#8221;How it works&#8221; _builder_version=&#8221;4.23&#8243; use_background_color_gradient=&#8221;on&#8221; background_color_gradient_stops=&#8221;#ffffff 0%|rgba(236,213,197,0.45) 100%&#8221; background_color_gradient_start=&#8221;#ffffff&#8221; background_color_gradient_end=&#8221;#f2e3de&#8221; custom_padding_tablet=&#8221;||0px||false|false&#8221; custom_padding_phone=&#8221;||0px||false|false&#8221; top_divider_style=&#8221;arrow3&#8243; top_divider_color=&#8221;rgba(255,255,255,0.6)&#8221; top_divider_height=&#8221;800px&#8221; top_divider_repeat=&#8221;2x&#8221; top_divider_height_tablet=&#8221;400px&#8221; top_divider_height_phone=&#8221;400px&#8221; top_divider_height_last_edited=&#8221;on|phone&#8221; locked=&#8221;off&#8221; global_colors_info=&#8221;{}&#8221; theme_builder_area=&#8221;post_content&#8221;][et_pb_row _builder_version=&#8221;4.23&#8243; custom_padding=&#8221;0px||||false|false&#8221; global_colors_info=&#8221;{}&#8221; theme_builder_area=&#8221;post_content&#8221;][et_pb_column type=&#8221;4_4&#8243; _builder_version=&#8221;4.16&#8243; custom_padding=&#8221;|||&#8221; global_colors_info=&#8221;{}&#8221; custom_padding__hover=&#8221;|||&#8221; theme_builder_area=&#8221;post_content&#8221;][et_pb_post_title meta=&#8221;off&#8221; featured_image=&#8221;off&#8221; _builder_version=&#8221;4.23&#8243; _module_preset=&#8221;default&#8221; title_font=&#8221;|700|||||||&#8221; global_colors_info=&#8221;{}&#8221; theme_builder_area=&#8221;post_content&#8221;][\/et_pb_post_title][\/et_pb_column][\/et_pb_row][\/et_pb_section][et_pb_section fb_built=&#8221;1&#8243; admin_label=&#8221;About Us&#8221; _builder_version=&#8221;4.23&#8243; locked=&#8221;off&#8221; global_colors_info=&#8221;{}&#8221; theme_builder_area=&#8221;post_content&#8221;][et_pb_row column_structure=&#8221;1_2,1_2&#8243; make_equal=&#8221;on&#8221; custom_padding_last_edited=&#8221;off|desktop&#8221; _builder_version=&#8221;4.23&#8243; custom_padding=&#8221;0px||||false|false&#8221; custom_padding_phone=&#8221;0px||||false|false&#8221; global_colors_info=&#8221;{}&#8221; theme_builder_area=&#8221;post_content&#8221;][et_pb_column type=&#8221;1_2&#8243; _builder_version=&#8221;4.23&#8243; global_colors_info=&#8221;{}&#8221; custom_padding__hover=&#8221;|||&#8221; theme_builder_area=&#8221;post_content&#8221;][et_pb_text _builder_version=&#8221;4.23&#8243; text_orientation=&#8221;justified&#8221; hover_enabled=&#8221;0&#8243; global_colors_info=&#8221;{}&#8221; theme_builder_area=&#8221;post_content&#8221; sticky_enabled=&#8221;0&#8243;]<\/p>\n<p>La coloraci\u00f3 \u00e9s una forma meravellosa de real\u00e7ar qualsevol estil. Ofereixo serveis de coloraci\u00f3 professional per ajudar-te a tenir el to que desitgis.<\/p>\n<p>Si est\u00e0s cansada de les canes, no et sents c\u00f2moda amb els resultats que obtens, est\u00e0s cansada que el teu color sigui molt esclau&#8230;<\/p>\n<p><strong>Juntes aconseguirem transformar la teva melena<\/strong> i cuidar-la per a un color durador i amb llum pr\u00f2pia!<\/p>\n<p>Mirarem d&#8217;on partim, i buscarem el millor cam\u00ed per obtenir el resultat que busques, el m\u00e9s important per\u00f2, ser\u00e0 la qualitat del cabell.<\/p>\n<p>[\/et_pb_text][et_pb_button button_url=&#8221;#faq&#8221; button_text=&#8221;Preguntes freq\u00fcents&#8221; button_alignment=&#8221;right&#8221; button_alignment_tablet=&#8221;center&#8221; button_alignment_phone=&#8221;center&#8221; button_alignment_last_edited=&#8221;on|phone&#8221; _builder_version=&#8221;4.23&#8243; custom_button=&#8221;on&#8221; button_bg_color=&#8221;#ffffff&#8221; button_border_width=&#8221;1px&#8221; button_border_color=&#8221;#3F3D3E&#8221; button_letter_spacing=&#8221;4px&#8221; button_icon=&#8221;&#x22;||divi||400&#8243; positioning=&#8221;absolute&#8221; position_origin_a=&#8221;bottom_right&#8221; position_origin_r=&#8221;bottom_right&#8221; position_origin_a_tablet=&#8221;bottom_right&#8221; position_origin_a_phone=&#8221;bottom_right&#8221; position_origin_a_last_edited=&#8221;on|tablet&#8221; position_origin_f_tablet=&#8221;&#8221; position_origin_f_phone=&#8221;&#8221; position_origin_f_last_edited=&#8221;on|tablet&#8221; position_origin_r_tablet=&#8221;bottom_right&#8221; position_origin_r_phone=&#8221;bottom_right&#8221; position_origin_r_last_edited=&#8221;on|tablet&#8221; custom_margin=&#8221;|||&#8221; custom_padding=&#8221;18px||18px|&#8221; hover_enabled=&#8221;0&#8243; positioning_tablet=&#8221;none&#8221; positioning_phone=&#8221;none&#8221; positioning_last_edited=&#8221;on|phone&#8221; button_text_color_hover=&#8221;#ffffff&#8221; button_bg_color_hover=&#8221;#c4beb9&#8243; locked=&#8221;off&#8221; global_colors_info=&#8221;{}&#8221; button_text_size__hover_enabled=&#8221;off&#8221; button_one_text_size__hover_enabled=&#8221;off&#8221; button_two_text_size__hover_enabled=&#8221;off&#8221; button_text_color__hover_enabled=&#8221;on&#8221; button_text_color__hover=&#8221;#ffffff&#8221; button_one_text_color__hover_enabled=&#8221;off&#8221; button_two_text_color__hover_enabled=&#8221;off&#8221; button_border_width__hover_enabled=&#8221;off&#8221; button_one_border_width__hover_enabled=&#8221;off&#8221; button_two_border_width__hover_enabled=&#8221;off&#8221; button_border_color__hover_enabled=&#8221;on|desktop&#8221; button_one_border_color__hover_enabled=&#8221;off&#8221; button_two_border_color__hover_enabled=&#8221;off&#8221; button_border_radius__hover_enabled=&#8221;off&#8221; button_one_border_radius__hover_enabled=&#8221;off&#8221; button_two_border_radius__hover_enabled=&#8221;off&#8221; button_letter_spacing__hover_enabled=&#8221;on|desktop&#8221; button_one_letter_spacing__hover_enabled=&#8221;off&#8221; button_two_letter_spacing__hover_enabled=&#8221;off&#8221; button_bg_color__hover_enabled=&#8221;on|desktop&#8221; button_bg_color__hover=&#8221;#ECD5C5&#8243; button_one_bg_color__hover_enabled=&#8221;off&#8221; button_two_bg_color__hover_enabled=&#8221;off&#8221; button_border_color__hover=&#8221;#ecd5c5&#8243; button_letter_spacing__hover=&#8221;4px&#8221; theme_builder_area=&#8221;post_content&#8221; sticky_enabled=&#8221;0&#8243; button_on_hover=&#8221;off&#8221;]&nbsp;<br \/>\n[\/et_pb_button][\/et_pb_column][et_pb_column type=&#8221;1_2&#8243; _builder_version=&#8221;4.16&#8243; custom_padding=&#8221;|||&#8221; global_colors_info=&#8221;{}&#8221; custom_padding__hover=&#8221;|||&#8221; theme_builder_area=&#8221;post_content&#8221;][et_pb_image src=&#8221;https:\/\/monicaperello.com\/wp-content\/uploads\/peluqueria-especializada-coloracion.jpg&#8221; title_text=&#8221;peluqueria-especializada-coloracion&#8221; force_fullwidth=&#8221;on&#8221; align_tablet=&#8221;center&#8221; align_phone=&#8221;center&#8221; align_last_edited=&#8221;on|desktop&#8221; _builder_version=&#8221;4.23&#8243; z_index=&#8221;500&#8243; custom_margin=&#8221;-175px||||false|false&#8221; custom_margin_tablet=&#8221;0%||0px||false|false&#8221; custom_margin_phone=&#8221;0%||0px||false|false&#8221; custom_margin_last_edited=&#8221;on|tablet&#8221; animation_style=&#8221;slide&#8221; animation_direction=&#8221;bottom&#8221; animation_intensity_slide=&#8221;5%&#8221; hover_enabled=&#8221;0&#8243; box_shadow_style=&#8221;preset3&#8243; box_shadow_vertical=&#8221;70px&#8221; box_shadow_blur=&#8221;80px&#8221; box_shadow_spread=&#8221;-60px&#8221; global_colors_info=&#8221;{}&#8221; theme_builder_area=&#8221;post_content&#8221; sticky_enabled=&#8221;0&#8243;]&nbsp;<br \/>\n[\/et_pb_image][\/et_pb_column][\/et_pb_row][\/et_pb_section][et_pb_section fb_built=&#8221;1&#8243; admin_label=&#8221;How it works&#8221; _builder_version=&#8221;4.23&#8243; use_background_color_gradient=&#8221;on&#8221; background_color_gradient_stops=&#8221;#ffffff 0%|rgba(236,213,197,0.45) 100%&#8221; background_color_gradient_start=&#8221;#ffffff&#8221; background_color_gradient_end=&#8221;#f2e3de&#8221; top_divider_style=&#8221;arrow3&#8243; top_divider_color=&#8221;rgba(255,255,255,0.6)&#8221; top_divider_height=&#8221;800px&#8221; top_divider_repeat=&#8221;2x&#8221; locked=&#8221;off&#8221; global_colors_info=&#8221;{}&#8221; theme_builder_area=&#8221;post_content&#8221;][et_pb_row _builder_version=&#8221;4.16&#8243; global_colors_info=&#8221;{}&#8221; theme_builder_area=&#8221;post_content&#8221;][et_pb_column type=&#8221;4_4&#8243; _builder_version=&#8221;4.16&#8243; custom_padding=&#8221;|||&#8221; global_colors_info=&#8221;{}&#8221; custom_padding__hover=&#8221;|||&#8221; theme_builder_area=&#8221;post_content&#8221;][et_pb_text _builder_version=&#8221;4.23&#8243; text_font=&#8221;|700|||||||&#8221; text_text_color=&#8221;#ECD5C5&#8243; text_font_size=&#8221;1.2em&#8221; text_letter_spacing=&#8221;8px&#8221; link_font=&#8221;||||||||&#8221; ul_font=&#8221;||||||||&#8221; header_font=&#8221;||||||||&#8221; header_2_font=&#8221;||||||||&#8221; header_3_font=&#8221;|700|||||||&#8221; header_3_font_size=&#8221;2.5em&#8221; header_3_letter_spacing=&#8221;1px&#8221; header_4_font=&#8221;||||||||&#8221; text_orientation=&#8221;center&#8221; max_width_tablet=&#8221;100%&#8221; max_width_phone=&#8221;100%&#8221; max_width_last_edited=&#8221;off|desktop&#8221; module_alignment=&#8221;right&#8221; hover_enabled=&#8221;0&#8243; global_colors_info=&#8221;{}&#8221; theme_builder_area=&#8221;post_content&#8221; sticky_enabled=&#8221;0&#8243;]<\/p>\n<p>COLORACI\u00d3 I TRACTAMENTS<\/p>\n<h3>Com treballarem?<\/h3>\n<p>[\/et_pb_text][\/et_pb_column][\/et_pb_row][et_pb_row column_structure=&#8221;1_3,1_3,1_3&#8243; _builder_version=&#8221;4.23&#8243; global_colors_info=&#8221;{}&#8221; theme_builder_area=&#8221;post_content&#8221;][et_pb_column type=&#8221;1_3&#8243; _builder_version=&#8221;4.16&#8243; custom_padding=&#8221;|||&#8221; global_colors_info=&#8221;{}&#8221; custom_padding__hover=&#8221;|||&#8221; theme_builder_area=&#8221;post_content&#8221;][et_pb_blurb title=&#8221;Coneixem-nos&#8221; use_icon=&#8221;on&#8221; font_icon=&#8221;&#xf086;||fa||400&#8243; icon_color=&#8221;#ffffff&#8221; image_icon_background_color=&#8221;#ECD5C5&#8243; image_icon_width=&#8221;48px&#8221; _builder_version=&#8221;4.23&#8243; header_font=&#8221;Cormorant Garamond|700|||||||&#8221; header_text_align=&#8221;center&#8221; header_font_size=&#8221;30px&#8221; header_line_height=&#8221;1.5em&#8221; body_font=&#8221;Cormorant Garamond||||||||&#8221; body_font_size=&#8221;1.2em&#8221; image_icon_custom_padding=&#8221;25px|25px|25px|25px|false|false&#8221; text_orientation=&#8221;justified&#8221; animation_style=&#8221;fade&#8221; animation=&#8221;off&#8221; hover_enabled=&#8221;0&#8243; border_radii_image=&#8221;on|100%|100%|100%|100%&#8221; use_circle=&#8221;on&#8221; circle_color=&#8221;#ecd5c5&#8243; global_colors_info=&#8221;{}&#8221; image_icon_background_color__sticky_enabled=&#8221;#171d23&#8243; image_icon_background_color__sticky=&#8221;#171d23&#8243; theme_builder_area=&#8221;post_content&#8221; sticky_enabled=&#8221;0&#8243;]<\/p>\n<p>Primer de tot m&#8217;explicar\u00e0s com tens el cabell actualment i tots els treballs t\u00e8cnics (color, metxes, keratines&#8230;) que t&#8217;hagis realitzat i quin \u00e9s el color que vols aconseguir. A partir d&#8217;aqu\u00ed et donar\u00e9 la meva opini\u00f3 professional i el cam\u00ed a seguir.<\/p>\n<p>[\/et_pb_blurb][\/et_pb_column][et_pb_column type=&#8221;1_3&#8243; _builder_version=&#8221;4.16&#8243; custom_padding=&#8221;|||&#8221; global_colors_info=&#8221;{}&#8221; custom_padding__hover=&#8221;|||&#8221; theme_builder_area=&#8221;post_content&#8221;][et_pb_blurb title=&#8221;Cita&#8221; use_icon=&#8221;on&#8221; font_icon=&#8221;&#xf58c;||fa||400&#8243; icon_color=&#8221;#ffffff&#8221; image_icon_background_color=&#8221;#ecd5c5&#8243; image_icon_width=&#8221;48px&#8221; _builder_version=&#8221;4.23&#8243; header_font=&#8221;Cormorant Garamond|700|||||||&#8221; header_text_align=&#8221;center&#8221; header_font_size=&#8221;30px&#8221; header_line_height=&#8221;1.5em&#8221; body_font=&#8221;Cormorant Garamond||||||||&#8221; body_font_size=&#8221;1.2em&#8221; image_icon_custom_padding=&#8221;25px|25px|25px|25px|false|false&#8221; text_orientation=&#8221;justified&#8221; animation_style=&#8221;fade&#8221; animation=&#8221;off&#8221; hover_enabled=&#8221;0&#8243; border_radii_image=&#8221;on|100%|100%|100%|100%&#8221; use_circle=&#8221;on&#8221; circle_color=&#8221;#ecd5c5&#8243; global_colors_info=&#8221;{}&#8221; image_icon_background_color__sticky_enabled=&#8221;#171d23&#8243; image_icon_background_color__sticky=&#8221;#171d23&#8243; theme_builder_area=&#8221;post_content&#8221; sticky_enabled=&#8221;0&#8243;]<\/p>\n<p>Acordarem dia i hora i ens trobarem al meu sal\u00f3. Passarem una bona estona juntes i far\u00e9 que et sentis relaxada i et dediquis aquesta estona!<\/p>\n<p>[\/et_pb_blurb][\/et_pb_column][et_pb_column type=&#8221;1_3&#8243; _builder_version=&#8221;4.16&#8243; custom_padding=&#8221;|||&#8221; global_colors_info=&#8221;{}&#8221; custom_padding__hover=&#8221;|||&#8221; theme_builder_area=&#8221;post_content&#8221;][et_pb_blurb title=&#8221;Manteniment&#8221; use_icon=&#8221;on&#8221; font_icon=&#8221;&#xf2b5;||fa||400&#8243; icon_color=&#8221;#ffffff&#8221; image_icon_background_color=&#8221;#ecd5c5&#8243; image_icon_width=&#8221;48px&#8221; _builder_version=&#8221;4.23&#8243; header_font=&#8221;Cormorant Garamond|700|||||||&#8221; header_text_align=&#8221;center&#8221; header_font_size=&#8221;30px&#8221; header_line_height=&#8221;1.5em&#8221; body_font=&#8221;Cormorant Garamond||||||||&#8221; body_font_size=&#8221;1.2em&#8221; image_icon_custom_padding=&#8221;25px|25px|25px|25px|false|false&#8221; text_orientation=&#8221;justified&#8221; animation_style=&#8221;fade&#8221; animation=&#8221;off&#8221; hover_enabled=&#8221;0&#8243; border_radii_image=&#8221;on|100%|100%|100%|100%&#8221; use_circle=&#8221;on&#8221; circle_color=&#8221;#ecd5c5&#8243; global_colors_info=&#8221;{}&#8221; image_icon_background_color__sticky_enabled=&#8221;#171d23&#8243; image_icon_background_color__sticky=&#8221;#171d23&#8243; theme_builder_area=&#8221;post_content&#8221; sticky_enabled=&#8221;0&#8243;]<\/p>\n<p>M&#8217;encarregar\u00e9 d&#8217;aconseguir el teu color somiat, per\u00f2 ara \u00e9s el teu torn! Et donar\u00e9 unes recomanacions i consells que seguir\u00e0s a casa i et podr\u00e0s encarregar de mimar i cuidar la melena perqu\u00e8 t&#8217;aguanti perfecta m\u00e9s temps.<\/p>\n<p>[\/et_pb_blurb][\/et_pb_column][\/et_pb_row][\/et_pb_section][et_pb_section fb_built=&#8221;1&#8243; theme_builder_area=&#8221;post_content&#8221; _builder_version=&#8221;4.23&#8243; _module_preset=&#8221;default&#8221; sticky_enabled=&#8221;0&#8243; box_shadow_style=&#8221;preset7&#8243; box_shadow_horizontal=&#8221;0px&#8221; box_shadow_vertical=&#8221;210px&#8221; box_shadow_color=&#8221;#ffffff&#8221;][et_pb_row _builder_version=&#8221;4.16&#8243; global_colors_info=&#8221;{}&#8221; theme_builder_area=&#8221;post_content&#8221;][et_pb_column type=&#8221;4_4&#8243; _builder_version=&#8221;4.16&#8243; custom_padding=&#8221;|||&#8221; global_colors_info=&#8221;{}&#8221; custom_padding__hover=&#8221;|||&#8221; theme_builder_area=&#8221;post_content&#8221;][et_pb_text _builder_version=&#8221;4.23&#8243; text_font=&#8221;|700|||||||&#8221; text_text_color=&#8221;#ECD5C5&#8243; text_font_size=&#8221;1.2em&#8221; text_letter_spacing=&#8221;8px&#8221; link_font=&#8221;||||||||&#8221; ul_font=&#8221;||||||||&#8221; header_font=&#8221;||||||||&#8221; header_2_font=&#8221;||||||||&#8221; header_3_font=&#8221;|700|||||||&#8221; header_3_font_size=&#8221;2.5em&#8221; header_3_letter_spacing=&#8221;1px&#8221; header_4_font=&#8221;||||||||&#8221; text_orientation=&#8221;center&#8221; max_width_tablet=&#8221;100%&#8221; max_width_phone=&#8221;100%&#8221; max_width_last_edited=&#8221;off|desktop&#8221; module_alignment=&#8221;right&#8221; hover_enabled=&#8221;0&#8243; global_colors_info=&#8221;{}&#8221; theme_builder_area=&#8221;post_content&#8221; sticky_enabled=&#8221;0&#8243;]<\/p>\n<p>GALERIA D&#8217;IMATGES<\/p>\n<h3>Resultats de les meves clientes<\/h3>\n<p>[\/et_pb_text][\/et_pb_column][\/et_pb_row][et_pb_row _builder_version=&#8221;4.23&#8243; _module_preset=&#8221;default&#8221; theme_builder_area=&#8221;post_content&#8221; module_class=&#8221;masonry&#8221; hover_enabled=&#8221;0&#8243; sticky_enabled=&#8221;0&#8243;][et_pb_column _builder_version=&#8221;4.23&#8243; _module_preset=&#8221;default&#8221; type=&#8221;4_4&#8243; theme_builder_area=&#8221;post_content&#8221;][et_pb_text _builder_version=&#8221;4.23&#8243; text_orientation=&#8221;justified&#8221; hover_enabled=&#8221;0&#8243; global_colors_info=&#8221;{}&#8221; theme_builder_area=&#8221;post_content&#8221; sticky_enabled=&#8221;0&#8243;]<\/p>\n<p>La cura del cabell \u00e9s essencial perqu\u00e8 estigui fort i saludable. Ofereixo una varietat de productes i tractaments capil\u00b7lars per abordar diferents necessitats, com hidrataci\u00f3 profunda, reparaci\u00f3, control de caspa, grassa, encrespat i m\u00e9s.<\/p>\n<p><strong>Utilitzo productes d&#8217;alta qualitat i t\u00e8cniques provades<\/strong> per assegurar que el cabell tingui el tracte que es mereix.<\/p>\n<p>[\/et_pb_text][et_pb_gallery gallery_ids=&#8221;1563,1565,1575,1567,1569,1571,1579,1573,1583&#8243; posts_number=&#8221;120&#8243; orientation=&#8221;portrait&#8221; show_title_and_caption=&#8221;off&#8221; show_pagination=&#8221;off&#8221; zoom_icon_color=&#8221;#ECD5C5&#8243; hover_overlay_color=&#8221;rgba(63,61,62,0.65)&#8221; hover_icon=&#8221;&#x54;||divi||400&#8243; _builder_version=&#8221;4.23&#8243; _module_preset=&#8221;default&#8221; custom_margin_tablet=&#8221;0px||||false|false&#8221; custom_margin_phone=&#8221;0px||||false|false&#8221; custom_margin_last_edited=&#8221;off|desktop&#8221; hover_enabled=&#8221;0&#8243; global_colors_info=&#8221;{}&#8221; locked=&#8221;off&#8221; theme_builder_area=&#8221;post_content&#8221; sticky_enabled=&#8221;0&#8243; custom_margin__hover_enabled=&#8221;off|desktop&#8221;][\/et_pb_gallery][\/et_pb_column][\/et_pb_row][\/et_pb_section][et_pb_section fb_built=&#8221;1&#8243; admin_label=&#8221;What we do&#8221; _builder_version=&#8221;4.23&#8243; box_shadow_style=&#8221;preset7&#8243; box_shadow_horizontal=&#8221;0px&#8221; box_shadow_vertical=&#8221;210px&#8221; box_shadow_color=&#8221;#ffffff&#8221; locked=&#8221;off&#8221; global_colors_info=&#8221;{}&#8221; theme_builder_area=&#8221;post_content&#8221;][et_pb_row _builder_version=&#8221;4.16&#8243; locked=&#8221;off&#8221; global_colors_info=&#8221;{}&#8221; theme_builder_area=&#8221;post_content&#8221;][et_pb_column type=&#8221;4_4&#8243; _builder_version=&#8221;4.16&#8243; custom_padding=&#8221;|||&#8221; global_colors_info=&#8221;{}&#8221; custom_padding__hover=&#8221;|||&#8221; theme_builder_area=&#8221;post_content&#8221;][et_pb_text _builder_version=&#8221;4.23&#8243; text_font=&#8221;|700|||||||&#8221; text_text_color=&#8221;#ECD5C5&#8243; text_font_size=&#8221;1.2em&#8221; text_letter_spacing=&#8221;8px&#8221; link_font=&#8221;||||||||&#8221; ul_font=&#8221;||||||||&#8221; header_font=&#8221;||||||||&#8221; header_2_font=&#8221;||||||||&#8221; header_3_font=&#8221;|700|||||||&#8221; header_3_font_size=&#8221;2.5em&#8221; header_3_letter_spacing=&#8221;1px&#8221; header_4_font=&#8221;||||||||&#8221; text_orientation=&#8221;center&#8221; max_width_tablet=&#8221;100%&#8221; max_width_phone=&#8221;100%&#8221; max_width_last_edited=&#8221;off|desktop&#8221; module_alignment=&#8221;right&#8221; hover_enabled=&#8221;0&#8243; locked=&#8221;off&#8221; global_colors_info=&#8221;{}&#8221; theme_builder_area=&#8221;post_content&#8221; sticky_enabled=&#8221;0&#8243;]TENS DUBTES?<\/p>\n<h3 id=\"faq\">Preguntes freq\u00fcents<\/h3>\n<p>[\/et_pb_text][et_pb_toggle title=&#8221;Amb quant temps he de programar cita?&#8221; open_toggle_text_color=&#8221;#3F3D3E&#8221; open_toggle_background_color=&#8221;rgba(236,213,197,0.1)&#8221; closed_toggle_background_color=&#8221;RGBA(255,255,255,0)&#8221; icon_color=&#8221;#ECD5C5&#8243; toggle_icon=&#8221;&#x4c;||divi||400&#8243; use_icon_font_size=&#8221;on&#8221; icon_font_size=&#8221;40px&#8221; open_icon_color=&#8221;#ECD5C5&#8243; open_toggle_icon=&#8221;&#x4d;||divi||400&#8243; open_use_icon_font_size=&#8221;on&#8221; open_icon_font_size=&#8221;40px&#8221; _builder_version=&#8221;4.23&#8243; _module_preset=&#8221;default&#8221; title_text_color=&#8221;#3F3D3E&#8221; title_font=&#8221;|700|||||||&#8221; title_font_size=&#8221;1.4em&#8221; background_color=&#8221;RGBA(255,255,255,0)&#8221; text_orientation=&#8221;justified&#8221; custom_margin=&#8221;||2%||false|false&#8221; hover_enabled=&#8221;0&#8243; global_colors_info=&#8221;{}&#8221; theme_builder_area=&#8221;post_content&#8221; sticky_enabled=&#8221;0&#8243;]<\/p>\n<p>Com m\u00e9s aviat millor, ja que hi ha hores que s&#8217;omplen molt r\u00e0pidament.<\/p>\n<p>[\/et_pb_toggle][et_pb_toggle title=&#8221;Quan temps necessito?&#8221; open_toggle_text_color=&#8221;#3F3D3E&#8221; open_toggle_background_color=&#8221;rgba(236,213,197,0.1)&#8221; closed_toggle_background_color=&#8221;RGBA(255,255,255,0)&#8221; icon_color=&#8221;#ECD5C5&#8243; toggle_icon=&#8221;&#x4c;||divi||400&#8243; use_icon_font_size=&#8221;on&#8221; icon_font_size=&#8221;40px&#8221; open_icon_color=&#8221;#ECD5C5&#8243; open_toggle_icon=&#8221;&#x4d;||divi||400&#8243; open_use_icon_font_size=&#8221;on&#8221; open_icon_font_size=&#8221;40px&#8221; _builder_version=&#8221;4.23&#8243; _module_preset=&#8221;default&#8221; title_text_color=&#8221;#3F3D3E&#8221; title_font=&#8221;|700|||||||&#8221; title_font_size=&#8221;1.4em&#8221; background_color=&#8221;RGBA(255,255,255,0)&#8221; text_orientation=&#8221;justified&#8221; custom_margin=&#8221;||2%||false|false&#8221; hover_enabled=&#8221;0&#8243; global_colors_info=&#8221;{}&#8221; theme_builder_area=&#8221;post_content&#8221; sticky_enabled=&#8221;0&#8243;]<\/p>\n<p>\u00a0El servei durar\u00e0 entre 2 i 4 hores depenent del treball o tractament a realitzar.<\/p>\n<p>[\/et_pb_toggle][et_pb_toggle title=&#8221;Cada quant he de venir al sal\u00f3?&#8221; open_toggle_text_color=&#8221;#3F3D3E&#8221; open_toggle_background_color=&#8221;rgba(236,213,197,0.1)&#8221; closed_toggle_background_color=&#8221;RGBA(255,255,255,0)&#8221; icon_color=&#8221;#ECD5C5&#8243; toggle_icon=&#8221;&#x4c;||divi||400&#8243; use_icon_font_size=&#8221;on&#8221; icon_font_size=&#8221;40px&#8221; open_icon_color=&#8221;#ECD5C5&#8243; open_toggle_icon=&#8221;&#x4d;||divi||400&#8243; open_use_icon_font_size=&#8221;on&#8221; open_icon_font_size=&#8221;40px&#8221; _builder_version=&#8221;4.23&#8243; _module_preset=&#8221;default&#8221; title_text_color=&#8221;#3F3D3E&#8221; title_font=&#8221;|700|||||||&#8221; title_font_size=&#8221;1.4em&#8221; background_color=&#8221;RGBA(255,255,255,0)&#8221; text_orientation=&#8221;justified&#8221; custom_margin=&#8221;||2%||false|false&#8221; hover_enabled=&#8221;0&#8243; global_colors_info=&#8221;{}&#8221; theme_builder_area=&#8221;post_content&#8221; sticky_enabled=&#8221;0&#8243;]<\/p>\n<p>Depenent de com vulguis portar el color i el creixement d\u2019arrel. Hi ha treballs que es fan entre 2 i 4 cops a l&#8217;any.<\/p>\n<p>[\/et_pb_toggle][et_pb_toggle title=&#8221;Com mantinc el color bonic durant tant temps?&#8221; open_toggle_text_color=&#8221;#3F3D3E&#8221; open_toggle_background_color=&#8221;rgba(236,213,197,0.1)&#8221; closed_toggle_background_color=&#8221;RGBA(255,255,255,0)&#8221; icon_color=&#8221;#ECD5C5&#8243; toggle_icon=&#8221;&#x4c;||divi||400&#8243; use_icon_font_size=&#8221;on&#8221; icon_font_size=&#8221;40px&#8221; open_icon_color=&#8221;#ECD5C5&#8243; open_toggle_icon=&#8221;&#x4d;||divi||400&#8243; open_use_icon_font_size=&#8221;on&#8221; open_icon_font_size=&#8221;40px&#8221; _builder_version=&#8221;4.23&#8243; _module_preset=&#8221;default&#8221; title_text_color=&#8221;#3F3D3E&#8221; title_font=&#8221;|700|||||||&#8221; title_font_size=&#8221;1.4em&#8221; background_color=&#8221;RGBA(255,255,255,0)&#8221; text_orientation=&#8221;justified&#8221; custom_margin=&#8221;||2%||false|false&#8221; hover_enabled=&#8221;0&#8243; global_colors_info=&#8221;{}&#8221; theme_builder_area=&#8221;post_content&#8221; sticky_enabled=&#8221;0&#8243;]<\/p>\n<p>Et donar\u00e9 una s\u00e8rie de pautes que podr\u00e0s fer tu mateixa. Tamb\u00e9 disposo de productes de venda d&#8217;alta qualitat perqu\u00e8 puguis fer el manteniment a casa.<\/p>\n<p>[\/et_pb_toggle][\/et_pb_column][\/et_pb_row][\/et_pb_section]<\/p>\n","protected":false},"excerpt":{"rendered":"<p>La coloraci\u00f3 \u00e9s una forma meravellosa de real\u00e7ar qualsevol estil. Ofereixo serveis de coloraci\u00f3 professional per ajudar-te a tenir el to que desitgis. Si est\u00e0s cansada de les canes, no et sents c\u00f2moda amb els resultats que obtens, est\u00e0s cansada que el teu color sigui molt esclau&#8230; Juntes aconseguirem transformar la teva melena i cuidar-la [&hellip;]<\/p>\n","protected":false},"author":1,"featured_media":0,"parent":0,"menu_order":0,"comment_status":"closed","ping_status":"closed","template":"","meta":{"_et_pb_use_builder":"on","_et_pb_old_content":"","_et_gb_content_width":"","_joinchat":[],"footnotes":""},"class_list":["post-685","page","type-page","status-publish","hentry"],"_links":{"self":[{"href":"https:\/\/monicaperello.com\/ca\/wp-json\/wp\/v2\/pages\/685","targetHints":{"allow":["GET"]}}],"collection":[{"href":"https:\/\/monicaperello.com\/ca\/wp-json\/wp\/v2\/pages"}],"about":[{"href":"https:\/\/monicaperello.com\/ca\/wp-json\/wp\/v2\/types\/page"}],"author":[{"embeddable":true,"href":"https:\/\/monicaperello.com\/ca\/wp-json\/wp\/v2\/users\/1"}],"replies":[{"embeddable":true,"href":"https:\/\/monicaperello.com\/ca\/wp-json\/wp\/v2\/comments?post=685"}],"version-history":[{"count":15,"href":"https:\/\/monicaperello.com\/ca\/wp-json\/wp\/v2\/pages\/685\/revisions"}],"predecessor-version":[{"id":1591,"href":"https:\/\/monicaperello.com\/ca\/wp-json\/wp\/v2\/pages\/685\/revisions\/1591"}],"wp:attachment":[{"href":"https:\/\/monicaperello.com\/ca\/wp-json\/wp\/v2\/media?parent=685"}],"curies":[{"name":"wp","href":"https:\/\/api.w.org\/{rel}","templated":true}]}}